{"id":7506,"date":"2017-10-31T15:38:00","date_gmt":"2017-10-31T15:38:00","guid":{"rendered":"http:\/\/www.asociacionveteranosvillaviciosa14.com\/?page_id=7506"},"modified":"2023-02-09T15:16:28","modified_gmt":"2023-02-09T15:16:28","slug":"politica-de-privacidad","status":"publish","type":"page","link":"https:\/\/asociacionveteranosvillaviciosa14.com\/index.php\/politica-de-privacidad\/","title":{"rendered":"Pol\u00edtica de privacidad"},"content":{"rendered":"\t\t<div data-elementor-type=\"wp-page\" data-elementor-id=\"7506\" class=\"elementor elementor-7506\">\n\t\t\t\t\t\t<section class=\"elementor-section elementor-top-section elementor-element elementor-element-3cf7f305 elementor-section-boxed elementor-section-height-default elementor-section-height-default\" data-id=\"3cf7f305\" data-element_type=\"section\" data-e-type=\"section\">\n\t\t\t\t\t\t<div class=\"elementor-container elementor-column-gap-default\">\n\t\t\t\t\t<div class=\"elementor-column elementor-col-100 elementor-top-column elementor-element elementor-element-281d8421\" data-id=\"281d8421\" data-element_type=\"column\" data-e-type=\"column\">\n\t\t\t<div class=\"elementor-widget-wrap elementor-element-populated\">\n\t\t\t\t\t\t<div class=\"elementor-element elementor-element-6258e363 elementor-widget elementor-widget-text-editor\" data-id=\"6258e363\" data-element_type=\"widget\" data-e-type=\"widget\" data-widget_type=\"text-editor.default\">\n\t\t\t\t<div class=\"elementor-widget-container\">\n\t\t\t\t\t\t\t\t\t<p><strong>1.- Identidad del Responsable del Fichero<\/strong><br \/>La informaci\u00f3n facilitada por el USUARIO a trav\u00e9s de cualquiera de los formularios del SITIO WEB ser\u00e1 incluida en uno o varios ficheros responsabilidad de ASVET14, con domicilio en CRTA Boadilla del Monte, km 3.8 Acuartelamiento Gral Cavalcanti, 28223, Pozuelo de Alarcon,\u00a0 Madrid.<\/p><p>\u00a0<\/p><p><strong>2.- Finalidad del tratamiento<\/strong><br \/>ASVET14 tratar\u00e1 la informaci\u00f3n facilitada por el USUARIO con distintas finalidades, dependiendo de la v\u00eda de recogida de los datos:<\/p><ul><li>Gestionar la relaci\u00f3n contractual o comercial establecida entre ASVET14 y el USUARIO.<\/li><li>Prestar los servicios solicitados por el USUARIO.<\/li><li>Gestionar, administrar, prestar, ampliar y mejorar los servicios a los que el USUARIO hubiese decidido suscribirse o darse de alta.<\/li><li>Adecuar dichos servicios para mejorar su calidad de cara al USUARIO.<\/li><li>Dise\u00f1ar nuevos servicios relacionados con los anteriores.<\/li><li>Realizar estudios estad\u00edsticos que permitan dise\u00f1ar mejoras en los servicios prestados.<\/li><li>Enviar informaci\u00f3n requerida por el USUARIO.<\/li><li>Enviar informaci\u00f3n sobre modificaciones en los productos o servicios contratados por el USUARIO.<\/li><li>Enviar informaci\u00f3n sobre nuevos productos o servicios similares a los contratados originalmente o que pudieran ser de su inter\u00e9s por cualquier medio, incluido el electr\u00f3nico, incluso cuando finalice la relaci\u00f3n comercial establecida entre ASVET 14 y el USUARIO.<\/li><\/ul><p>El USUARIO consiente el tratamiento de sus datos con las finalidades descritas, sin perjuicio del derecho que le asiste de revocar dicho consentimiento a trav\u00e9s de un correo a la direcci\u00f3n, identific\u00e1ndose como USUARIO del SITIO WEB y concretando su solicitud.<\/p><p>\u00a0<\/p><p><strong>3.- Destinatarios de la informaci\u00f3n<\/strong><br \/>Los datos que el USUARIO haya facilitado a ASVET14 no ser\u00e1n comunicados a ning\u00fan tercero, salvo que:<br \/>La cesi\u00f3n est\u00e9 autorizada en una ley.<br \/>El tratamiento responda a la libre y leg\u00edtima aceptaci\u00f3n de una relaci\u00f3n jur\u00eddica cuyo desarrollo, cumplimiento y control implique necesariamente la conexi\u00f3n de dicho tratamiento con ficheros de terceros, como por ejemplo, entidades bancarias para la facturaci\u00f3n de los productos o servicios contratados o empresas de mensajer\u00eda para el env\u00edo de los productos contratados.<br \/>Los datos sean solicitados por el Defensor del Pueblo, el Ministerio Fiscal o los Jueces o Tribunales o el Tribunal de Cuentas, en el ejercicio de las funciones que tienen atribuidas.<\/p><p>\u00a0<\/p><p><strong>4.- Car\u00e1cter obligatorio o facultativo de la informaci\u00f3n solicitada<\/strong><br \/>Los datos obligatorios de cada formulario ser\u00e1n identificados como tales en el propio formulario.<br \/>La negativa a suministrar dicha informaci\u00f3n impedir\u00e1 hacer efectivo el servicio solicitado por el USUARIO.<\/p><p>\u00a0<\/p><p><strong>5.- Ejercicio de derechos<\/strong><br \/>Corresponde al USUARIO la actualizaci\u00f3n de sus propios datos. En cualquier momento, el USUARIO tendr\u00e1 el derecho de acceso, rectificaci\u00f3n, cancelaci\u00f3n y oposici\u00f3n a todos sus datos personales incluidos en los distintos formularios de alta. Para ejercitar esta facultad el USUARIO deber\u00e1 acceder , al apartado \u00abMi Cuenta\u00bb y mediante la introducci\u00f3n de su login cambiar los datos que considere convenientes. Por lo tanto, el USUARIO es responsable de la veracidad de los datos y ASVET14 no ser\u00e1 responsable de su inexactitud de los datos personales de los USUARIOS.<\/p><p>\u00a0<\/p><p><strong>6.- Compromisos del USUARIO<\/strong><br \/>El USUARIO garantiza que es mayor de 18 a\u00f1os y que la informaci\u00f3n facilitada es exacta y veraz.<br \/>El USUARIO se compromete a informar a ASVET14 de cualquier modificaci\u00f3n que sufra la informaci\u00f3n facilitada a trav\u00e9s de correo a la direcci\u00f3n identific\u00e1ndose como USUARIO del SITIO WEB y concretando la informaci\u00f3n que deba ser modificada.<br \/>Asimismo, el USUARIO se compromete a guardar las claves y c\u00f3digos de identificaci\u00f3n en secreto y a informar en la mayor brevedad de tiempo a ASVET14 en caso de p\u00e9rdida, sustracci\u00f3n o acceso no autorizado. En tanto no se produzca esa comunicaci\u00f3n, ASVET14 quedar\u00e1 eximida de toda responsabilidad que pudiera derivarse del uso indebido por terceros no autorizados de tales contrase\u00f1as y c\u00f3digos identificativos.<\/p><p>\u00a0<\/p><p><strong>7.- Datos de terceros facilitados por el USUARIO<\/strong><br \/>En caso de que el USUARIO facilite datos personales de terceras personas con cualquier finalidad, garantiza haber informado previamente a los afectados y haber obtenido su consentimiento para la comunicaci\u00f3n de sus datos a ASVET14.<br \/>El USUARIO garantiza que los afectados son mayores de 18 a\u00f1os y que la informaci\u00f3n facilitada es exacta y veraz.<br \/>ASVET14 contrastar\u00e1 el consentimiento de dichos afectados a trav\u00e9s de un primer correo electr\u00f3nico con contenido no comercial en el que se solicitar\u00e1 la verificaci\u00f3n del consentimiento otorgado en su nombre por el USUARIO.<br \/>En caso de que se deriven responsabilidades por un incumplimiento de estas condiciones por parte del USUARIO, deber\u00e1 responder de las consecuencias de dicho incumplimiento.<\/p><p>\u00a0<\/p><p><strong>8.- Cookies y archivos de seguimiento<\/strong><br \/>Para la utilizaci\u00f3n de nuestro sitio web es necesaria la utilizaci\u00f3n de cookies, peque\u00f1os ficheros de datos. Las cookies se utilizan con la finalidad de mejorar el servicio prestado por ASVET14 pero no almacenan ning\u00fan tipo de informaci\u00f3n personal relativa a los usuarios, la informaci\u00f3n obtenida es an\u00f3nima. Si usted lo desea puede configurar su navegador para ser avisado en pantalla de la recepci\u00f3n de cookies y para impedir la instalaci\u00f3n de cookies en su disco duro. Por favor, consulte las instrucciones y manuales de su navegador para ampliar esta informaci\u00f3n.<\/p><p>\u00a0<\/p><p><strong>9.- Medidas de seguridad<\/strong><br \/>ASVET14 ha adoptado las medidas de \u00edndole t\u00e9cnica y organizativas necesarias que garanticen la seguridad de los datos de car\u00e1cter personal y eviten su alteraci\u00f3n, p\u00e9rdida, tratamiento o acceso no autorizado, habida cuenta del estado de la tecnolog\u00eda, la naturaleza de los datos almacenados y los riesgos a que est\u00e9n expuestos, ya provengan de la acci\u00f3n humana o del medio f\u00edsico o natural.<br \/>No obstante, el USUARIO debe ser consciente de que las medidas de seguridad en Internet no son inexpugnables.<br \/>Por la mera visita a la web, los Usuarios no facilitan informaci\u00f3n personal alguna ni queda obligado a facilitarla.<br \/>El ordenador donde est\u00e1 alojada la web utiliza cookies para mejorar el servicio prestado por ASVET14, Estas cookies se instalan autom\u00e1ticamente en el ordenador empleado por los Clientes y Usuarios pero no almacenan ning\u00fan tipo de informaci\u00f3n relativa a \u00e9stos.<br \/>ASVET14 presume que los datos han sido introducidos por su titular o por persona autorizada por \u00e9ste, as\u00ed como que son correctos y exactos.<\/p>\t\t\t\t\t\t\t\t<\/div>\n\t\t\t\t<\/div>\n\t\t\t\t\t<\/div>\n\t\t<\/div>\n\t\t\t\t\t<\/div>\n\t\t<\/section>\n\t\t\t\t<\/div>\n\t\t","protected":false},"excerpt":{"rendered":"<p>1.- Identidad del Responsable del FicheroLa informaci\u00f3n facilitada por el USUARIO a trav\u00e9s de cualquiera de los formularios del SITIO WEB ser\u00e1 incluida en uno o varios ficheros responsabilidad de ASVET14, con domicilio en CRTA Boadilla del Monte, km 3.8 Acuartelamiento Gral Cavalcanti, 28223, Pozuelo de Alarcon,\u00a0 Madrid. \u00a0 2.- Finalidad del tratamientoASVET14 tratar\u00e1 la&hellip;<\/p>\n","protected":false},"author":1,"featured_media":14972,"parent":0,"menu_order":0,"comment_status":"closed","ping_status":"closed","template":"elementor_theme","meta":{"_eb_attr":"","footnotes":""},"class_list":["post-7506","page","type-page","status-publish","has-post-thumbnail","hentry"],"yoast_head":"<!-- This site is optimized with the Yoast SEO plugin v26.9 - https:\/\/yoast.com\/product\/yoast-seo-wordpress\/ -->\n<title>Pol\u00edtica de privacidad - ASVET RCLAC 14<\/title>\n<meta name=\"robots\" content=\"index, follow, max-snippet:-1, max-image-preview:large, max-video-preview:-1\" \/>\n<link rel=\"canonical\" href=\"https:\/\/asociacionveteranosvillaviciosa14.com\/index.php\/politica-de-privacidad\/\" \/>\n<meta property=\"og:locale\" content=\"es_ES\" \/>\n<meta property=\"og:type\" content=\"article\" \/>\n<meta property=\"og:title\" content=\"Pol\u00edtica de privacidad - ASVET RCLAC 14\" \/>\n<meta property=\"og:description\" content=\"1.- Identidad del Responsable del FicheroLa informaci\u00f3n facilitada por el USUARIO a trav\u00e9s de cualquiera de los formularios del SITIO WEB ser\u00e1 incluida en uno o varios ficheros responsabilidad de ASVET14, con domicilio en CRTA Boadilla del Monte, km 3.8 Acuartelamiento Gral Cavalcanti, 28223, Pozuelo de Alarcon,\u00a0 Madrid. \u00a0 2.- Finalidad del tratamientoASVET14 tratar\u00e1 la&hellip;\" \/>\n<meta property=\"og:url\" content=\"https:\/\/asociacionveteranosvillaviciosa14.com\/index.php\/politica-de-privacidad\/\" \/>\n<meta property=\"og:site_name\" content=\"ASVET RCLAC 14\" \/>\n<meta property=\"article:publisher\" content=\"https:\/\/www.facebook.com\/VeteranosRclacVillaviciosa14\" \/>\n<meta property=\"article:modified_time\" content=\"2023-02-09T15:16:28+00:00\" \/>\n<meta property=\"og:image\" content=\"https:\/\/asociacionveteranosvillaviciosa14.com\/wp-content\/uploads\/2013\/01\/cropped-cropped-cabecera71.jpg\" \/>\n\t<meta property=\"og:image:width\" content=\"2000\" \/>\n\t<meta property=\"og:image:height\" content=\"550\" \/>\n\t<meta property=\"og:image:type\" content=\"image\/jpeg\" \/>\n<meta name=\"twitter:card\" content=\"summary_large_image\" \/>\n<meta name=\"twitter:site\" content=\"@RCLAC14\" \/>\n<meta name=\"twitter:label1\" content=\"Tiempo de lectura\" \/>\n\t<meta name=\"twitter:data1\" content=\"5 minutos\" \/>\n<script type=\"application\/ld+json\" class=\"yoast-schema-graph\">{\"@context\":\"https:\/\/schema.org\",\"@graph\":[{\"@type\":\"WebPage\",\"@id\":\"https:\/\/asociacionveteranosvillaviciosa14.com\/index.php\/politica-de-privacidad\/\",\"url\":\"https:\/\/asociacionveteranosvillaviciosa14.com\/index.php\/politica-de-privacidad\/\",\"name\":\"Pol\u00edtica de privacidad - ASVET RCLAC 14\",\"isPartOf\":{\"@id\":\"https:\/\/asociacionveteranosvillaviciosa14.com\/#website\"},\"primaryImageOfPage\":{\"@id\":\"https:\/\/asociacionveteranosvillaviciosa14.com\/index.php\/politica-de-privacidad\/#primaryimage\"},\"image\":{\"@id\":\"https:\/\/asociacionveteranosvillaviciosa14.com\/index.php\/politica-de-privacidad\/#primaryimage\"},\"thumbnailUrl\":\"https:\/\/asociacionveteranosvillaviciosa14.com\/wp-content\/uploads\/2013\/01\/cropped-cropped-cabecera71.jpg\",\"datePublished\":\"2017-10-31T15:38:00+00:00\",\"dateModified\":\"2023-02-09T15:16:28+00:00\",\"breadcrumb\":{\"@id\":\"https:\/\/asociacionveteranosvillaviciosa14.com\/index.php\/politica-de-privacidad\/#breadcrumb\"},\"inLanguage\":\"es\",\"potentialAction\":[{\"@type\":\"ReadAction\",\"target\":[\"https:\/\/asociacionveteranosvillaviciosa14.com\/index.php\/politica-de-privacidad\/\"]}]},{\"@type\":\"ImageObject\",\"inLanguage\":\"es\",\"@id\":\"https:\/\/asociacionveteranosvillaviciosa14.com\/index.php\/politica-de-privacidad\/#primaryimage\",\"url\":\"https:\/\/asociacionveteranosvillaviciosa14.com\/wp-content\/uploads\/2013\/01\/cropped-cropped-cabecera71.jpg\",\"contentUrl\":\"https:\/\/asociacionveteranosvillaviciosa14.com\/wp-content\/uploads\/2013\/01\/cropped-cropped-cabecera71.jpg\",\"width\":2000,\"height\":550},{\"@type\":\"BreadcrumbList\",\"@id\":\"https:\/\/asociacionveteranosvillaviciosa14.com\/index.php\/politica-de-privacidad\/#breadcrumb\",\"itemListElement\":[{\"@type\":\"ListItem\",\"position\":1,\"name\":\"Portada\",\"item\":\"https:\/\/asociacionveteranosvillaviciosa14.com\/\"},{\"@type\":\"ListItem\",\"position\":2,\"name\":\"Pol\u00edtica de privacidad\"}]},{\"@type\":\"WebSite\",\"@id\":\"https:\/\/asociacionveteranosvillaviciosa14.com\/#website\",\"url\":\"https:\/\/asociacionveteranosvillaviciosa14.com\/\",\"name\":\"ASVET RCLAC 14\",\"description\":\"Asociaci\u00f3n de Veteranos de RCLAC Villaviciosa 14\",\"publisher\":{\"@id\":\"https:\/\/asociacionveteranosvillaviciosa14.com\/#organization\"},\"potentialAction\":[{\"@type\":\"SearchAction\",\"target\":{\"@type\":\"EntryPoint\",\"urlTemplate\":\"https:\/\/asociacionveteranosvillaviciosa14.com\/?s={search_term_string}\"},\"query-input\":{\"@type\":\"PropertyValueSpecification\",\"valueRequired\":true,\"valueName\":\"search_term_string\"}}],\"inLanguage\":\"es\"},{\"@type\":\"Organization\",\"@id\":\"https:\/\/asociacionveteranosvillaviciosa14.com\/#organization\",\"name\":\"Asociaci\u00f3n de Veteranos del RCLAC Villaviciosa 14\",\"url\":\"https:\/\/asociacionveteranosvillaviciosa14.com\/\",\"logo\":{\"@type\":\"ImageObject\",\"inLanguage\":\"es\",\"@id\":\"https:\/\/asociacionveteranosvillaviciosa14.com\/#\/schema\/logo\/image\/\",\"url\":\"https:\/\/asociacionveteranosvillaviciosa14.com\/wp-content\/uploads\/2023\/02\/cropped-Logo-ASVET.webp\",\"contentUrl\":\"https:\/\/asociacionveteranosvillaviciosa14.com\/wp-content\/uploads\/2023\/02\/cropped-Logo-ASVET.webp\",\"width\":1080,\"height\":1080,\"caption\":\"Asociaci\u00f3n de Veteranos del RCLAC Villaviciosa 14\"},\"image\":{\"@id\":\"https:\/\/asociacionveteranosvillaviciosa14.com\/#\/schema\/logo\/image\/\"},\"sameAs\":[\"https:\/\/www.facebook.com\/VeteranosRclacVillaviciosa14\",\"https:\/\/x.com\/RCLAC14\"]}]}<\/script>\n<!-- \/ Yoast SEO plugin. -->","yoast_head_json":{"title":"Pol\u00edtica de privacidad - ASVET RCLAC 14","robots":{"index":"index","follow":"follow","max-snippet":"max-snippet:-1","max-image-preview":"max-image-preview:large","max-video-preview":"max-video-preview:-1"},"canonical":"https:\/\/asociacionveteranosvillaviciosa14.com\/index.php\/politica-de-privacidad\/","og_locale":"es_ES","og_type":"article","og_title":"Pol\u00edtica de privacidad - ASVET RCLAC 14","og_description":"1.- Identidad del Responsable del FicheroLa informaci\u00f3n facilitada por el USUARIO a trav\u00e9s de cualquiera de los formularios del SITIO WEB ser\u00e1 incluida en uno o varios ficheros responsabilidad de ASVET14, con domicilio en CRTA Boadilla del Monte, km 3.8 Acuartelamiento Gral Cavalcanti, 28223, Pozuelo de Alarcon,\u00a0 Madrid. \u00a0 2.- Finalidad del tratamientoASVET14 tratar\u00e1 la&hellip;","og_url":"https:\/\/asociacionveteranosvillaviciosa14.com\/index.php\/politica-de-privacidad\/","og_site_name":"ASVET RCLAC 14","article_publisher":"https:\/\/www.facebook.com\/VeteranosRclacVillaviciosa14","article_modified_time":"2023-02-09T15:16:28+00:00","og_image":[{"width":2000,"height":550,"url":"https:\/\/asociacionveteranosvillaviciosa14.com\/wp-content\/uploads\/2013\/01\/cropped-cropped-cabecera71.jpg","type":"image\/jpeg"}],"twitter_card":"summary_large_image","twitter_site":"@RCLAC14","twitter_misc":{"Tiempo de lectura":"5 minutos"},"schema":{"@context":"https:\/\/schema.org","@graph":[{"@type":"WebPage","@id":"https:\/\/asociacionveteranosvillaviciosa14.com\/index.php\/politica-de-privacidad\/","url":"https:\/\/asociacionveteranosvillaviciosa14.com\/index.php\/politica-de-privacidad\/","name":"Pol\u00edtica de privacidad - ASVET RCLAC 14","isPartOf":{"@id":"https:\/\/asociacionveteranosvillaviciosa14.com\/#website"},"primaryImageOfPage":{"@id":"https:\/\/asociacionveteranosvillaviciosa14.com\/index.php\/politica-de-privacidad\/#primaryimage"},"image":{"@id":"https:\/\/asociacionveteranosvillaviciosa14.com\/index.php\/politica-de-privacidad\/#primaryimage"},"thumbnailUrl":"https:\/\/asociacionveteranosvillaviciosa14.com\/wp-content\/uploads\/2013\/01\/cropped-cropped-cabecera71.jpg","datePublished":"2017-10-31T15:38:00+00:00","dateModified":"2023-02-09T15:16:28+00:00","breadcrumb":{"@id":"https:\/\/asociacionveteranosvillaviciosa14.com\/index.php\/politica-de-privacidad\/#breadcrumb"},"inLanguage":"es","potentialAction":[{"@type":"ReadAction","target":["https:\/\/asociacionveteranosvillaviciosa14.com\/index.php\/politica-de-privacidad\/"]}]},{"@type":"ImageObject","inLanguage":"es","@id":"https:\/\/asociacionveteranosvillaviciosa14.com\/index.php\/politica-de-privacidad\/#primaryimage","url":"https:\/\/asociacionveteranosvillaviciosa14.com\/wp-content\/uploads\/2013\/01\/cropped-cropped-cabecera71.jpg","contentUrl":"https:\/\/asociacionveteranosvillaviciosa14.com\/wp-content\/uploads\/2013\/01\/cropped-cropped-cabecera71.jpg","width":2000,"height":550},{"@type":"BreadcrumbList","@id":"https:\/\/asociacionveteranosvillaviciosa14.com\/index.php\/politica-de-privacidad\/#breadcrumb","itemListElement":[{"@type":"ListItem","position":1,"name":"Portada","item":"https:\/\/asociacionveteranosvillaviciosa14.com\/"},{"@type":"ListItem","position":2,"name":"Pol\u00edtica de privacidad"}]},{"@type":"WebSite","@id":"https:\/\/asociacionveteranosvillaviciosa14.com\/#website","url":"https:\/\/asociacionveteranosvillaviciosa14.com\/","name":"ASVET RCLAC 14","description":"Asociaci\u00f3n de Veteranos de RCLAC Villaviciosa 14","publisher":{"@id":"https:\/\/asociacionveteranosvillaviciosa14.com\/#organization"},"potentialAction":[{"@type":"SearchAction","target":{"@type":"EntryPoint","urlTemplate":"https:\/\/asociacionveteranosvillaviciosa14.com\/?s={search_term_string}"},"query-input":{"@type":"PropertyValueSpecification","valueRequired":true,"valueName":"search_term_string"}}],"inLanguage":"es"},{"@type":"Organization","@id":"https:\/\/asociacionveteranosvillaviciosa14.com\/#organization","name":"Asociaci\u00f3n de Veteranos del RCLAC Villaviciosa 14","url":"https:\/\/asociacionveteranosvillaviciosa14.com\/","logo":{"@type":"ImageObject","inLanguage":"es","@id":"https:\/\/asociacionveteranosvillaviciosa14.com\/#\/schema\/logo\/image\/","url":"https:\/\/asociacionveteranosvillaviciosa14.com\/wp-content\/uploads\/2023\/02\/cropped-Logo-ASVET.webp","contentUrl":"https:\/\/asociacionveteranosvillaviciosa14.com\/wp-content\/uploads\/2023\/02\/cropped-Logo-ASVET.webp","width":1080,"height":1080,"caption":"Asociaci\u00f3n de Veteranos del RCLAC Villaviciosa 14"},"image":{"@id":"https:\/\/asociacionveteranosvillaviciosa14.com\/#\/schema\/logo\/image\/"},"sameAs":["https:\/\/www.facebook.com\/VeteranosRclacVillaviciosa14","https:\/\/x.com\/RCLAC14"]}]}},"_links":{"self":[{"href":"https:\/\/asociacionveteranosvillaviciosa14.com\/index.php\/wp-json\/wp\/v2\/pages\/7506","targetHints":{"allow":["GET"]}}],"collection":[{"href":"https:\/\/asociacionveteranosvillaviciosa14.com\/index.php\/wp-json\/wp\/v2\/pages"}],"about":[{"href":"https:\/\/asociacionveteranosvillaviciosa14.com\/index.php\/wp-json\/wp\/v2\/types\/page"}],"author":[{"embeddable":true,"href":"https:\/\/asociacionveteranosvillaviciosa14.com\/index.php\/wp-json\/wp\/v2\/users\/1"}],"replies":[{"embeddable":true,"href":"https:\/\/asociacionveteranosvillaviciosa14.com\/index.php\/wp-json\/wp\/v2\/comments?post=7506"}],"version-history":[{"count":5,"href":"https:\/\/asociacionveteranosvillaviciosa14.com\/index.php\/wp-json\/wp\/v2\/pages\/7506\/revisions"}],"predecessor-version":[{"id":15486,"href":"https:\/\/asociacionveteranosvillaviciosa14.com\/index.php\/wp-json\/wp\/v2\/pages\/7506\/revisions\/15486"}],"wp:featuredmedia":[{"embeddable":true,"href":"https:\/\/asociacionveteranosvillaviciosa14.com\/index.php\/wp-json\/wp\/v2\/media\/14972"}],"wp:attachment":[{"href":"https:\/\/asociacionveteranosvillaviciosa14.com\/index.php\/wp-json\/wp\/v2\/media?parent=7506"}],"curies":[{"name":"wp","href":"https:\/\/api.w.org\/{rel}","templated":true}]}}